{"id":2968,"date":"2025-12-02T15:49:05","date_gmt":"2025-12-02T14:49:05","guid":{"rendered":"https:\/\/protea.pl\/industries\/renewable-energy\/renewable-energy-for-offshore-wind\/"},"modified":"2026-01-22T10:15:12","modified_gmt":"2026-01-22T09:15:12","slug":"renewable-energy-for-offshore-wind","status":"publish","type":"industries","link":"https:\/\/protea.pl\/pl\/branze\/renewable-energy\/renewable-energy-for-offshore-wind\/","title":{"rendered":"Energia Odnawialna na Morskie Farmy Wiatrowe"},"content":{"rendered":"\n<section class=\"section-product-hero section has-decoration decoration-position-right\" style=\"--decoration-arrow-rotate:158deg;--decoration-mobile-x:0%;--decoration-mobile-y:0%;--decoration-tablet-x:0%;--decoration-tablet-y:0%;--decoration-desktop-x:7%;--decoration-desktop-y:90%\" data-description=\"Zaprojektowane \ndo pracy \nw warunkach offshore<\/center&gt;\">\n<div class=\"section-product-hero__inner-container inner-container\">\n<div class=\"section-product-hero__header container\">\n<div class=\"container\">\n<h2 class=\"section__heading heading\">PROTEA dla Morskich Farm Wiatrowych<\/h2>\n<\/div>\n\n\n\n<div class=\"container\">\n<p class=\"text font__primary\">Od 2010 roku PROTEA dostarcza wyspecjalizowane rozwi\u0105zania d\u017awigowe dla projekt\u00f3w offshore wind na ca\u0142ym \u015bwiecie. Zrealizowali\u015bmy ju\u017c ponad <strong>255 projekt\u00f3w<\/strong>, obejmuj\u0105cych m.in. \u017curawie (typu RAM oraz knuckle boom), suwnice, wci\u0105garki, \u017curawiki serwisowe, systemy monorail oraz inne rozwi\u0105zania. Zaprojektowane z my\u015bl\u0105 o niezawodnej pracy w wymagaj\u0105cym \u015brodowisku offshore.<br><\/p>\n\n\n\n<div class=\"buttons\" style=\"--buttons-mt-mobile:0rem;--buttons-mb-mobile:0rem;--buttons-mt-desktop:0rem;--buttons-mb-desktop:0rem\">\n\n<\/div>\n<\/div>\n<\/div>\n\n\n\n<div class=\"container\">\n<figure class=\"image\"><div class=\"inner-container\"><img loading=\"lazy\" decoding=\"async\" src=\"https:\/\/protea.pl\/wp-content\/uploads\/2025\/07\/Ibedrola-2-retusz-scaled-e1765547851690.jpg\" class=\"wp-image-1848\" width=\"1920\" height=\"1200\" srcset=\"https:\/\/protea.pl\/wp-content\/uploads\/2025\/07\/Ibedrola-2-retusz-scaled-e1765547851690.jpg 1920w, https:\/\/protea.pl\/wp-content\/uploads\/2025\/07\/Ibedrola-2-retusz-scaled-e1765547851690-768x480.jpg 768w, https:\/\/protea.pl\/wp-content\/uploads\/2025\/07\/Ibedrola-2-retusz-scaled-e1765547851690-1280x800.jpg 1280w, https:\/\/protea.pl\/wp-content\/uploads\/2025\/07\/Ibedrola-2-retusz-scaled-e1765547851690-256x160.jpg 256w, https:\/\/protea.pl\/wp-content\/uploads\/2025\/07\/Ibedrola-2-retusz-scaled-e1765547851690-1024x640.jpg 1024w, https:\/\/protea.pl\/wp-content\/uploads\/2025\/07\/Ibedrola-2-retusz-scaled-e1765547851690-1536x960.jpg 1536w, https:\/\/protea.pl\/wp-content\/uploads\/2025\/07\/Ibedrola-2-retusz-scaled-e1765547851690-512x320.jpg 512w\" sizes=\"auto, (max-width: 1920px) 100vw, 1920px\" \/><\/div><\/figure>\n<\/div>\n<\/div>\n<div class=\"section__decoration has-decoration\" style=\"--arrow-rotate:158deg;--mobile-x:0%;--mobile-y:0%;--tablet-x:0%;--tablet-y:0%;--desktop-x:7%;--desktop-y:90%\" data-switch-vertical=\"false\" data-switch-horizontal=\"false\" data-description=\"Zaprojektowane \ndo pracy \nw warunkach offshore<\/center&gt;\" data-arrow-rotate=\"158\" data-decoration-position=\"right\"><span>Zaprojektowane <br \/>do pracy <br \/>w warunkach offshore<\/center><\/span><\/div><\/section>\n\n\n\n<section class=\"section-explore-3box section mt-48 mb-48\">\n<div class=\"section-explore-3box__inner-container inner-container pt-sm pb-3xl\">\n<h2 class=\"section__heading heading\">Jako\u015b\u0107, kt\u00f3rej mo\u017cesz zaufa\u0107<\/h2>\n\n\n\n<div class=\"section-explore-3box__columns-grid columns-grid\" style=\"--columns:4;--columns-gap:1.6rem\">\n<div class=\"columns-grid__col columns-grid__col--1\">\n<div class=\"icon-block\"><span class=\"i i-lotus\" aria-hidden=\"true\"><\/span><\/div>\n\n\n\n<h5 class=\"heading\">Rozwi\u0105zania szyte na miar\u0119<\/h5>\n\n\n\n<div class=\"container_content container\">\n<p class=\"text font__primary\">Wszystkie nasze urz\u0105dzenia s\u0105 projektowane indywidualnie, aby idealnie odpowiada\u0107 unikalnym wymaganiom ka\u017cdego projektu. Od koncepcji po instalacj\u0119, ka\u017cdy detal jest precyzyjnie dopracowany.<\/p>\n<\/div>\n<\/div>\n\n\n\n<div class=\"columns-grid__col columns-grid__col--2\">\n<div class=\"icon-block\"><span class=\"i i-lotus\" aria-hidden=\"true\"><\/span><\/div>\n\n\n\n<h5 class=\"heading\">Przetestowane pod k\u0105tem niezawodno\u015bci<\/h5>\n\n\n\n<div class=\"container_content container\">\n<p class=\"text font__primary\">Przeprowadzamy kompleksowe testy system\u00f3w bezpo\u015brednio na miejscu, aby zagwarantowa\u0107 ich bezb\u0142\u0119dne dzia\u0142anie i zminimalizowa\u0107 ryzyko awarii w krytycznych operacjach.<\/p>\n<\/div>\n<\/div>\n\n\n\n<div class=\"columns-grid__col columns-grid__col--3\">\n<div class=\"icon-block\"><span class=\"i i-lotus\" aria-hidden=\"true\"><\/span><\/div>\n\n\n\n<h5 class=\"heading\">Certyfikowane zgodnie z najwy\u017cszymi standardami<\/h5>\n\n\n\n<div class=\"container_content container\">\n<p class=\"text font__primary\">Nasze urz\u0105dzenia projektowane i produkowane s\u0105 w pe\u0142nej zgodno\u015bci z normami DNV, EN oraz NORSOK, co zapewnia bezpiecze\u0144stwo i d\u0142ugoterminow\u0105 niezawodno\u015b\u0107.<\/p>\n<\/div>\n<\/div>\n\n\n\n<div class=\"columns-grid__col columns-grid__col--4\">\n<div class=\"icon-block\"><span class=\"i i-lotus\" aria-hidden=\"true\"><\/span><\/div>\n\n\n\n<h5 class=\"heading\">Ochrona przed ekstremalnymi warunkami<\/h5>\n\n\n\n<div class=\"container_content container\">\n<p class=\"text font__primary\">Zaawansowane systemy antykorozyjne wyd\u0142u\u017caj\u0105 \u017cywotno\u015b\u0107 d\u017awig\u00f3w, zapewniaj\u0105c niezawodn\u0105 prac\u0119 nawet w najbardziej wymagaj\u0105cych \u015brodowiskach.<\/p>\n<\/div>\n<\/div>\n<\/div>\n<\/div>\n<\/section>\n\n\n\n<section class=\"section-image-and-text section mt-48 decor image-gray4\">\n<div class=\"section-image-and-text__inner-container inner-container pt-xs column-reverse ai-center\">\n<div class=\"container-image container\">\n<figure class=\"image switch-horizontal\"><div class=\"inner-container\"><img loading=\"lazy\" decoding=\"async\" src=\"https:\/\/protea.pl\/wp-content\/uploads\/2025\/12\/Ibedrola-retusz-e1765534834332.jpg\" class=\"wp-image-1821\" width=\"1620\" height=\"1290\" srcset=\"https:\/\/protea.pl\/wp-content\/uploads\/2025\/12\/Ibedrola-retusz-e1765534834332.jpg 1620w, https:\/\/protea.pl\/wp-content\/uploads\/2025\/12\/Ibedrola-retusz-e1765534834332-768x612.jpg 768w, https:\/\/protea.pl\/wp-content\/uploads\/2025\/12\/Ibedrola-retusz-e1765534834332-1280x1019.jpg 1280w, https:\/\/protea.pl\/wp-content\/uploads\/2025\/12\/Ibedrola-retusz-e1765534834332-256x204.jpg 256w, https:\/\/protea.pl\/wp-content\/uploads\/2025\/12\/Ibedrola-retusz-e1765534834332-1024x815.jpg 1024w, https:\/\/protea.pl\/wp-content\/uploads\/2025\/12\/Ibedrola-retusz-e1765534834332-1536x1223.jpg 1536w, https:\/\/protea.pl\/wp-content\/uploads\/2025\/12\/Ibedrola-retusz-e1765534834332-512x408.jpg 512w\" sizes=\"auto, (max-width: 1620px) 100vw, 1620px\" \/><\/div><\/figure>\n<\/div>\n\n\n\n<div class=\"container-content container xl-pr-13\">\n<h2 class=\"section__heading heading\">Tw\u00f3j partner w zaawansowanych rozwi\u0105zaniach d\u017awigowych i systemach prze\u0142adunkowych offshore<\/h2>\n\n\n\n<p>Dzi\u0119ki ponad 25-letniemu do\u015bwiadczeniu, certyfikowanej jako\u015bci zgodnej z normami <strong>DNV, EN oraz NORSOK<\/strong> oraz potwierdzonej zdolno\u015bci do innowacji, PROTEA jest zaufanym partnerem w budowie przysz\u0142o\u015bci sektora offshore.<\/p>\n\n\n\n<p>Nasze portfolio obejmuje <strong>ponad 40 projekt\u00f3w offshore wind<\/strong> zrealizowanych w Europie, Azji oraz USA. Dostarczamy rozwi\u0105zania d\u017awigowe i systemy prze\u0142adunkowe dopasowane do globalnych potrzeb sektora energii odnawialnej.<\/p>\n\n\n\n<p>Projektujemy i produkujemy szerok\u0105 gam\u0119 d\u017awig\u00f3w oraz mechanicznych system\u00f3w prze\u0142adunkowych dla <strong>platform HVDC, offshore substations, transition pieces oraz wie\u017c turbin<\/strong>, spe\u0142niaj\u0105c najwy\u017csze standardy bran\u017cowe i jednocze\u015bnie dostosowuj\u0105c si\u0119 do specyficznych wymaga\u0144 ka\u017cdego projektu.<\/p>\n<\/div>\n<\/div>\n<\/section>\n\n\n\n<section class=\"section-products section mt-48\">\n<div class=\"section-products__inner-container inner-container pt-xl pb-md\">\n<div class=\"section-products__container-heading container\">\n<h2 class=\"section__heading heading\">Produkty  <\/h2>\n\n\n\n<p>Poznaj nasz\u0105 szerok\u0105 gam\u0119 wysokiej jako\u015bci produkt\u00f3w, zaprojektowanych z my\u015bl\u0105 o r\u00f3\u017cnych bran\u017cach i zastosowaniach.<\/p>\n<\/div>\n\n\n\n\n<div\n\tclass=\"posts splide js-slider has-arrows\"\n\t\t data-splide=\"{ &quot;padding&quot;: &quot;0&quot;, &quot;gap&quot;: &quot;1.6rem&quot;, &quot;type&quot;: &quot;slide&quot;, &quot;perPage&quot;: 1, &quot;perMove&quot;: 1, &quot;autoplay&quot;: false, &quot;arrows&quot;: true, &quot;pagination&quot;: false, &quot;breakpoints&quot;: { &quot;1280&quot;: { &quot;perPage&quot;: 4, &quot;perMove&quot;: 4, &quot;pagination&quot;: false }, &quot;960&quot;: { &quot;perPage&quot;: 3, &quot;perMove&quot;: 3, &quot;pagination&quot;: false }, &quot;640&quot;: { &quot;perPage&quot;: 2, &quot;perMove&quot;: 2, &quot;pagination&quot;: false }, &quot;1&quot;: { &quot;perPage&quot;: 1, &quot;perMove&quot;: 1, &quot;pagination&quot;: false } } }\">\n\n\t\n\t\t<div class=\"splide__track\">\n\t\t\t\t\t\t\t<div class=\"splide__list\">\n\t\t\t\n\t\t\t\n\t\t\t\t<article class=\"splide__slide post-item has-post-thumbnail\">\n\t\t\t\t\t<div class=\"post-item__inner-container\">\n\n\t\t\t\t\t\t\n\t\t\t\t\t\t\t<a href=\"https:\/\/protea.pl\/pl\/produkty\/pedestal-cranes-3\/pedestal-cranes-for-offshore-wind\/\" class=\"post-item__image\" rel=\"bookmark\">\n\t\t\t\t\t\t\t\t<img decoding=\"async\" src=\"https:\/\/protea.pl\/wp-content\/uploads\/2025\/07\/Group-169-2.svg\" class=\"attachment-134\" alt=\"\" sizes=\"(max-width: 512px) 100vw, 512px\" \/>\t\t\t\t\t\t\t<\/a>\n\n\t\t\t\t\t\t\n\t\t\t\t\t\t<div class=\"post-item__content\">\n\n\t\t\t\t\t\t\t\n\t\t\t\t\t\t\t<h3 class=\"post-item__title\">\n\t\t\t\t\t\t\t\t<a href=\"https:\/\/protea.pl\/pl\/produkty\/pedestal-cranes-3\/pedestal-cranes-for-offshore-wind\/\" rel=\"bookmark\">\u017burawie na Morskie Farmy Wiatrowe<\/a>\n\t\t\t\t\t\t\t<\/h3>\n\n\t\t\t\t\t\t\t\n\t\t\t\t\t\t\t\t\t\t\t\t\t\t\t<div class=\"post-item__excerpt\">\n\t\t\t\t\t\t\t\t\t<p>Wytrzyma\u0142e \u017curawie do operacji offshore, zaprojektowane w celu zapewnienia maksymalnej niezawodno\u015bci i wydajno\u015bci podnoszenia.<\/p>\n\t\t\t\t\t\t\t\t<\/div>\n\t\t\t\t\t\t\t\t\t\t\t\t\t\t\t<a href=\"https:\/\/protea.pl\/pl\/produkty\/pedestal-cranes-3\/pedestal-cranes-for-offshore-wind\/\" class=\"post-item__link\" rel=\"bookmark\">Learn more<\/a>\n\t\t\t\t\t\t\t\n\t\t\t\t\t\t<\/div>\n\n\t\t\t\t\t<\/div>\n\n\t\t\t\t<\/article>\n\n\t\t\t\n\t\t\t\t<article class=\"splide__slide post-item has-post-thumbnail\">\n\t\t\t\t\t<div class=\"post-item__inner-container\">\n\n\t\t\t\t\t\t\n\t\t\t\t\t\t\t<a href=\"https:\/\/protea.pl\/pl\/produkty\/ahc-cranes\/\" class=\"post-item__image\" rel=\"bookmark\">\n\t\t\t\t\t\t\t\t<img decoding=\"async\" src=\"https:\/\/protea.pl\/wp-content\/uploads\/2025\/07\/Group-170.svg\" class=\"attachment-136\" alt=\"\" sizes=\"(max-width: 512px) 100vw, 512px\" \/>\t\t\t\t\t\t\t<\/a>\n\n\t\t\t\t\t\t\n\t\t\t\t\t\t<div class=\"post-item__content\">\n\n\t\t\t\t\t\t\t\n\t\t\t\t\t\t\t<h3 class=\"post-item__title\">\n\t\t\t\t\t\t\t\t<a href=\"https:\/\/protea.pl\/pl\/produkty\/ahc-cranes\/\" rel=\"bookmark\">\u017burawie typu AHC<\/a>\n\t\t\t\t\t\t\t<\/h3>\n\n\t\t\t\t\t\t\t\n\t\t\t\t\t\t\t\t\t\t\t\t\t\t\t<div class=\"post-item__excerpt\">\n\t\t\t\t\t\t\t\t\t<p>Wysokowydajne \u017curawie offshore zapewniaj\u0105ce precyzyjne pozycjonowanie \u0142adunku i niezawodne operacje podnoszenia na morzu.<\/p>\n\t\t\t\t\t\t\t\t<\/div>\n\t\t\t\t\t\t\t\t\t\t\t\t\t\t\t<a href=\"https:\/\/protea.pl\/pl\/produkty\/ahc-cranes\/\" class=\"post-item__link\" rel=\"bookmark\">Learn more<\/a>\n\t\t\t\t\t\t\t\n\t\t\t\t\t\t<\/div>\n\n\t\t\t\t\t<\/div>\n\n\t\t\t\t<\/article>\n\n\t\t\t\n\t\t\t\t<article class=\"splide__slide post-item has-post-thumbnail\">\n\t\t\t\t\t<div class=\"post-item__inner-container\">\n\n\t\t\t\t\t\t\n\t\t\t\t\t\t\t<a href=\"https:\/\/protea.pl\/pl\/produkty\/pedestal-cranes-3\/\" class=\"post-item__image\" rel=\"bookmark\">\n\t\t\t\t\t\t\t\t<img decoding=\"async\" src=\"https:\/\/protea.pl\/wp-content\/uploads\/2025\/07\/Group-131.svg\" class=\"attachment-138\" alt=\"\" sizes=\"(max-width: 512px) 100vw, 512px\" \/>\t\t\t\t\t\t\t<\/a>\n\n\t\t\t\t\t\t\n\t\t\t\t\t\t<div class=\"post-item__content\">\n\n\t\t\t\t\t\t\t\n\t\t\t\t\t\t\t<h3 class=\"post-item__title\">\n\t\t\t\t\t\t\t\t<a href=\"https:\/\/protea.pl\/pl\/produkty\/pedestal-cranes-3\/\" rel=\"bookmark\">\u017burawie Serwisowe &#8211; Davit<\/a>\n\t\t\t\t\t\t\t<\/h3>\n\n\t\t\t\t\t\t\t\n\t\t\t\t\t\t\t\t\t\t\t\t\t\t\t<div class=\"post-item__excerpt\">\n\t\t\t\t\t\t\t\t\t<p>\u017burawie zaprojektowane do bezpiecznego i wydajnego obs\u0142ugiwania \u0142odzi offshore oraz prowadzenia operacji w wymagaj\u0105cych warunkach.<\/p>\n\t\t\t\t\t\t\t\t<\/div>\n\t\t\t\t\t\t\t\t\t\t\t\t\t\t\t<a href=\"https:\/\/protea.pl\/pl\/produkty\/pedestal-cranes-3\/\" class=\"post-item__link\" rel=\"bookmark\">Learn more<\/a>\n\t\t\t\t\t\t\t\n\t\t\t\t\t\t<\/div>\n\n\t\t\t\t\t<\/div>\n\n\t\t\t\t<\/article>\n\n\t\t\t\n\t\t\t\t<article class=\"splide__slide post-item has-post-thumbnail\">\n\t\t\t\t\t<div class=\"post-item__inner-container\">\n\n\t\t\t\t\t\t\n\t\t\t\t\t\t\t<a href=\"https:\/\/protea.pl\/pl\/produkty\/suwnice-na-morskie-farmy-wiatrowe\/\" class=\"post-item__image\" rel=\"bookmark\">\n\t\t\t\t\t\t\t\t<img decoding=\"async\" src=\"https:\/\/protea.pl\/wp-content\/uploads\/2025\/07\/Group-171.svg\" class=\"attachment-140\" alt=\"\" sizes=\"(max-width: 512px) 100vw, 512px\" \/>\t\t\t\t\t\t\t<\/a>\n\n\t\t\t\t\t\t\n\t\t\t\t\t\t<div class=\"post-item__content\">\n\n\t\t\t\t\t\t\t\n\t\t\t\t\t\t\t<h3 class=\"post-item__title\">\n\t\t\t\t\t\t\t\t<a href=\"https:\/\/protea.pl\/pl\/produkty\/suwnice-na-morskie-farmy-wiatrowe\/\" rel=\"bookmark\">Suwnice na Morskie Farmy Wiatrowe<\/a>\n\t\t\t\t\t\t\t<\/h3>\n\n\t\t\t\t\t\t\t\n\t\t\t\t\t\t\t\t\t\t\t\t\t\t\t<div class=\"post-item__excerpt\">\n\t\t\t\t\t\t\t\t\t<p>Kompaktowe i precyzyjne suwnice, zapewniaj\u0105ce bezpieczn\u0105 i efektywn\u0105 prac\u0119 w wymagaj\u0105cych warunkach.<\/p>\n\t\t\t\t\t\t\t\t<\/div>\n\t\t\t\t\t\t\t\t\t\t\t\t\t\t\t<a href=\"https:\/\/protea.pl\/pl\/produkty\/suwnice-na-morskie-farmy-wiatrowe\/\" class=\"post-item__link\" rel=\"bookmark\">Learn more<\/a>\n\t\t\t\t\t\t\t\n\t\t\t\t\t\t<\/div>\n\n\t\t\t\t\t<\/div>\n\n\t\t\t\t<\/article>\n\n\t\t\t\n\t\t\t\t<article class=\"splide__slide post-item has-post-thumbnail\">\n\t\t\t\t\t<div class=\"post-item__inner-container\">\n\n\t\t\t\t\t\t\n\t\t\t\t\t\t\t<a href=\"https:\/\/protea.pl\/pl\/produkty\/mechanical-handling-system-for-offshore-wind\/\" class=\"post-item__image\" rel=\"bookmark\">\n\t\t\t\t\t\t\t\t<img decoding=\"async\" src=\"https:\/\/protea.pl\/wp-content\/uploads\/2025\/07\/Group-133.svg\" class=\"attachment-142\" alt=\"\" sizes=\"(max-width: 512px) 100vw, 512px\" \/>\t\t\t\t\t\t\t<\/a>\n\n\t\t\t\t\t\t\n\t\t\t\t\t\t<div class=\"post-item__content\">\n\n\t\t\t\t\t\t\t\n\t\t\t\t\t\t\t<h3 class=\"post-item__title\">\n\t\t\t\t\t\t\t\t<a href=\"https:\/\/protea.pl\/pl\/produkty\/mechanical-handling-system-for-offshore-wind\/\" rel=\"bookmark\">Urz\u0105dzenia Specjalne na Morskie Farmy Wiatrowe<\/a>\n\t\t\t\t\t\t\t<\/h3>\n\n\t\t\t\t\t\t\t\n\t\t\t\t\t\t\t\t\t\t\t\t\t\t\t<div class=\"post-item__excerpt\">\n\t\t\t\t\t\t\t\t\t<p>Indywidualnie dopasowane rozwi\u0105zania transportowe, zapewniaj\u0105ce p\u0142ynny, bezpieczny i efektywny przep\u0142yw materia\u0142\u00f3w w zastosowaniach przemys\u0142owych.<\/p>\n\t\t\t\t\t\t\t\t<\/div>\n\t\t\t\t\t\t\t\t\t\t\t\t\t\t\t<a href=\"https:\/\/protea.pl\/pl\/produkty\/mechanical-handling-system-for-offshore-wind\/\" class=\"post-item__link\" rel=\"bookmark\">Learn more<\/a>\n\t\t\t\t\t\t\t\n\t\t\t\t\t\t<\/div>\n\n\t\t\t\t\t<\/div>\n\n\t\t\t\t<\/article>\n\n\t\t\t\n\t\t\t\t\t\t\t<\/div>\n\t\t\t\n\t\t<\/div>\n\n\t\t\t\t\t\t\t<nav class=\"splide__navigation\">\n\t\t\t\t\t\t\t\t\t<div class=\"splide__arrows\">\n\t\t\t\t\t\t<button class=\"splide__arrow splide__arrow--prev icon-button is-style-outlined is-rounded\">\n\t\t\t\t\t\t\t<span class=\"screen-reader-text\">Previous slide<\/span>\n\t\t\t\t\t\t\t<span class=\"i i-arrow-long-right\"><\/span>\n\t\t\t\t\t\t\t<span class=\"background\"><\/span>\n\t\t\t\t\t\t<\/button>\n\t\t\t\t\t\t<button class=\"splide__arrow splide__arrow--next icon-button is-style-outlined is-rounded\">\n\t\t\t\t\t\t\t<span class=\"screen-reader-text\">Next slide<\/span>\n\t\t\t\t\t\t\t<span class=\"i i-arrow-long-right\"><\/span>\n\t\t\t\t\t\t\t<span class=\"background\"><\/span>\n\t\t\t\t\t\t<\/button>\n\t\t\t\t\t<\/div>\n\t\t\t\t\t\t\t<\/nav>\n\t\t\n\n\t\t\n<\/div>\n<\/div>\n<\/section>\n\n\n\n<section class=\"section-explore-3box section mt-48 mb-48 pb-normal bg-lotos\">\n<div class=\"section-explore-3box__inner-container inner-container pt-sm pb-3xl\">\n<h2 class=\"section__heading heading\">Poznaj nasze rozwi\u0105zania Waste-to-Energy w ramach sektora Renewable Energy<\/h2>\n\n\n\n<div class=\"section-explore-3box__columns-grid columns-grid\" style=\"--columns:2;--columns-gap:1.6rem\">\n\n\n<div class=\"columns-grid__col columns-grid__col--2\">\n<div class=\"icon-block\"><span class=\"i i-lotus\" aria-hidden=\"true\"><\/span><\/div>\n\n\n\n<h5 class=\"heading\">Waste to Energy<\/h5>\n\n\n\n<div class=\"container_content container\">\n<p>Wytrzyma\u0142e suwnice do obs\u0142ugi odpad\u00f3w, biomasy oraz popio\u0142u.<\/p>\n<\/div>\n\n\n\n<div class=\"buttons\" style=\"--buttons-mt-mobile:1rem;--buttons-mb-mobile:0rem;--buttons-mt-desktop:1rem;--buttons-mb-desktop:0rem\">\n<a href=\"https:\/\/protea.pl\/pl\/branze\/renewable-energy\/renewable-energy-for-waste-to-energy\/\" class=\"button is-style-link\" target=\"_self\" rel=\"noopener noreferrer\"><span class=\"text\">Sprawd\u017a Waste to Energy<\/span><\/a>\n<\/div>\n<\/div>\n<\/div>\n<\/div>\n\n\n<\/section>\n\n\n\n<section class=\"section-image-and-text section mt-48 decor image-gray2 section-renewable-energy\">\n<div class=\"section-image-and-text__inner-container inner-container column-reverse\">\n<div class=\"container-image container\">\n<figure class=\"image switch-horizontal\"><div class=\"inner-container\"><img loading=\"lazy\" decoding=\"async\" src=\"https:\/\/protea.pl\/wp-content\/uploads\/2025\/12\/Ibedrola-retusz-e1765534834332.jpg\" class=\"wp-image-1821\" width=\"1620\" height=\"1290\" srcset=\"https:\/\/protea.pl\/wp-content\/uploads\/2025\/12\/Ibedrola-retusz-e1765534834332.jpg 1620w, https:\/\/protea.pl\/wp-content\/uploads\/2025\/12\/Ibedrola-retusz-e1765534834332-768x612.jpg 768w, https:\/\/protea.pl\/wp-content\/uploads\/2025\/12\/Ibedrola-retusz-e1765534834332-1280x1019.jpg 1280w, https:\/\/protea.pl\/wp-content\/uploads\/2025\/12\/Ibedrola-retusz-e1765534834332-256x204.jpg 256w, https:\/\/protea.pl\/wp-content\/uploads\/2025\/12\/Ibedrola-retusz-e1765534834332-1024x815.jpg 1024w, https:\/\/protea.pl\/wp-content\/uploads\/2025\/12\/Ibedrola-retusz-e1765534834332-1536x1223.jpg 1536w, https:\/\/protea.pl\/wp-content\/uploads\/2025\/12\/Ibedrola-retusz-e1765534834332-512x408.jpg 512w\" sizes=\"auto, (max-width: 1620px) 100vw, 1620px\" \/><\/div><\/figure>\n<\/div>\n\n\n\n<div class=\"container-content container\">\n<h2 class=\"section__heading heading\">Poznaj nasze materia\u0142y do pobrania<\/h2>\n\n\n\n<p class=\"text font__primary\">Uzyskaj dost\u0119p do r\u00f3\u017cnorodnych materia\u0142\u00f3w informacyjnych, kt\u00f3re pomog\u0105 Ci lepiej pozna\u0107 nasze produkty i us\u0142ugi. Wszystko, czego potrzebujesz, jest dost\u0119pne jednym klikni\u0119ciem<\/p>\n\n\n\n<div class=\"columns-grid\" style=\"--columns:2;--columns-gap:4rem\">\n<div class=\"columns-grid__col columns-grid__col--1\">\n<h5 class=\"heading h-24\">Offshore Wind <\/h5>\n\n\n\n<p class=\"text font__primary\">Poznaj nasz\u0105 broszur\u0119 OWF<\/p>\n<\/div>\n\n\n\n<div class=\"columns-grid__col columns-grid__col--2\">\n\n<\/div>\n<\/div>\n\n\n\n<div class=\"buttons\" style=\"--buttons-mt-mobile:0rem;--buttons-mb-mobile:0rem;--buttons-mt-desktop:0rem;--buttons-mb-desktop:0rem\">\n<a href=\"https:\/\/protea.pl\/wp-content\/uploads\/2026\/01\/Protea-for-Offshore-Wind.pdf\" class=\"button is-style-primary\" target=\"_blank\" rel=\"noopener noreferrer\" download><span class=\"text\">SPRAWD\u0179<\/span><\/a>\n\n\n<\/div>\n<\/div>\n<\/div>\n<\/section>\n\n\n\n<section class=\"section-contact-us section\" style=\"background-color:#FFFFFF\">\n<div class=\"section-contact-us__inner-container inner-container pt-xs pb-4xl\">\n<div class=\"columns-grid\" style=\"--columns:2;--columns-gap:5rem\">\n<div class=\"columns-grid__col columns-grid__col--1\">\n<h2 class=\"section__heading heading\">Skontaktuj si\u0119 z nami<\/h2>\n\n\n\n<p class=\"text font__primary\">Aby pozna\u0107 szczeg\u00f3\u0142y dotycz\u0105ce naszych produkt\u00f3w i us\u0142ug.<\/p>\n\n\n\n<div class=\"wpcf7 no-js\" id=\"wpcf7-f51-o1\" lang=\"pl-PL\" dir=\"ltr\" data-wpcf7-id=\"51\">\n<div class=\"screen-reader-response\"><p role=\"status\" aria-live=\"polite\" aria-atomic=\"true\"><\/p> <ul><\/ul><\/div>\n<form action=\"\/pl\/wp-json\/wp\/v2\/industries\/2968#wpcf7-f51-o1\" method=\"post\" class=\"wpcf7-form init\" aria-label=\"Formularz kontaktowy\" novalidate=\"novalidate\" data-status=\"init\">\n<fieldset class=\"hidden-fields-container\"><input type=\"hidden\" name=\"_wpcf7\" value=\"51\" \/><input type=\"hidden\" name=\"_wpcf7_version\" value=\"6.1.5\" \/><input type=\"hidden\" name=\"_wpcf7_locale\" value=\"pl_PL\" \/><input type=\"hidden\" name=\"_wpcf7_unit_tag\" value=\"wpcf7-f51-o1\" \/><input type=\"hidden\" name=\"_wpcf7_container_post\" value=\"0\" \/><input type=\"hidden\" name=\"_wpcf7_posted_data_hash\" value=\"\" \/>\n<\/fieldset>\n<label><fieldset class=\"input-fieldset\">\n  <legend>Name<\/legend>\n  <span class=\"wpcf7-form-control-wrap\" data-name=\"your-name\"><input size=\"40\" maxlength=\"400\" class=\"wpcf7-form-control wpcf7-text form-control\" aria-invalid=\"false\" value=\"\" type=\"text\" name=\"your-name\" \/><\/span>\n<\/fieldset>\n<\/label>\n<label>\n<fieldset class=\"input-fieldset\">\n  <legend>E-mail *<\/legend>\n  <span class=\"wpcf7-form-control-wrap\" data-name=\"your-email\"><input size=\"40\" maxlength=\"400\" class=\"wpcf7-form-control wpcf7-email wpcf7-validates-as-required wpcf7-text wpcf7-validates-as-email form-control\" aria-required=\"true\" aria-invalid=\"false\" value=\"\" type=\"email\" name=\"your-email\" \/><\/span>\n<\/fieldset>\n<\/label>\n<label>\n<fieldset class=\"input-fieldset-textarea\">\n  <legend>Message *<\/legend>\n  <span class=\"wpcf7-form-control-wrap\" data-name=\"your-message\"><textarea cols=\"40\" rows=\"10\" maxlength=\"2000\" class=\"wpcf7-form-control wpcf7-textarea wpcf7-validates-as-required form-control\" aria-required=\"true\" aria-invalid=\"false\" name=\"your-message\"><\/textarea><\/span>\n<\/fieldset>\n<\/label>\n<div class=\"form-group form-footer\">\n<label>\n  <span class=\"wpcf7-form-control-wrap\" data-name=\"terms\"><span class=\"wpcf7-form-control wpcf7-acceptance\"><span class=\"wpcf7-list-item\"><label><input type=\"checkbox\" name=\"terms\" value=\"1\" class=\"form-checkbox\" aria-invalid=\"false\" \/><span class=\"wpcf7-list-item-label\">I accept the Terms<\/span><\/label><\/span><\/span><\/span>\n<\/label>\n  <button class=\"btn btn-primary\" type=\"submit\">Submit<\/button>\n<\/div><div class=\"wpcf7-response-output\" aria-hidden=\"true\"><\/div>\n<\/form>\n<\/div>\n\n<\/div>\n\n\n\n<div class=\"columns-grid__col columns-grid__col--2\">\n<figure class=\"image has-decoration\"><div class=\"inner-container\"><div class=\"decoration has-decoration\" style=\"--arrow-rotate:90deg;--mobile-x:0%;--mobile-y:0%;--tablet-x:0%;--tablet-y:0%;--desktop-x:50%;--desktop-y:90%\" data-switch-vertical=\"false\" data-switch-horizontal=\"false\" data-decoration-position=\"left\"><span>S\u0142u\u017cymy<br \/>wsparciem<\/span><\/div><img loading=\"lazy\" decoding=\"async\" src=\"https:\/\/protea.pl\/wp-content\/uploads\/2025\/07\/Mask-Group-37@2x.png\" class=\"wp-image-857\" width=\"1400\" height=\"1200\" srcset=\"https:\/\/protea.pl\/wp-content\/uploads\/2025\/07\/Mask-Group-37@2x.png 1400w, https:\/\/protea.pl\/wp-content\/uploads\/2025\/07\/Mask-Group-37@2x-768x658.png 768w, https:\/\/protea.pl\/wp-content\/uploads\/2025\/07\/Mask-Group-37@2x-1280x1097.png 1280w, https:\/\/protea.pl\/wp-content\/uploads\/2025\/07\/Mask-Group-37@2x-256x219.png 256w, https:\/\/protea.pl\/wp-content\/uploads\/2025\/07\/Mask-Group-37@2x-1024x878.png 1024w, https:\/\/protea.pl\/wp-content\/uploads\/2025\/07\/Mask-Group-37@2x-512x439.png 512w\" sizes=\"auto, (max-width: 1400px) 100vw, 1400px\" \/><\/div><\/figure>\n<\/div>\n<\/div>\n<\/div>\n<\/section>\n","protected":false},"excerpt":{"rendered":"","protected":false},"featured_media":0,"parent":2965,"menu_order":0,"template":"","class_list":["post-2968","industries","type-industries","status-publish","hentry"],"yoast_head":"<!-- This site is optimized with the Yoast SEO plugin v27.4 - https:\/\/yoast.com\/product\/yoast-seo-wordpress\/ -->\n<title>Energia Odnawialna na Morskie Farmy Wiatrowe - Protea<\/title>\n<meta name=\"robots\" content=\"index, follow, max-snippet:-1, max-image-preview:large, max-video-preview:-1\" \/>\n<link rel=\"canonical\" href=\"https:\/\/protea.pl\/branze\/renewable-energy\/renewable-energy-for-offshore-wind\/\" \/>\n<meta property=\"og:locale\" content=\"pl_PL\" \/>\n<meta property=\"og:type\" content=\"article\" \/>\n<meta property=\"og:title\" content=\"Energia Odnawialna na Morskie Farmy Wiatrowe - Protea\" \/>\n<meta property=\"og:url\" content=\"https:\/\/protea.pl\/branze\/renewable-energy\/renewable-energy-for-offshore-wind\/\" \/>\n<meta property=\"og:site_name\" content=\"Protea\" \/>\n<meta property=\"article:modified_time\" content=\"2026-01-22T09:15:12+00:00\" \/>\n<meta property=\"og:image\" content=\"https:\/\/protea.pl\/wp-content\/uploads\/2025\/07\/Ibedrola-2-retusz-scaled-e1765547851690.jpg\" \/>\n\t<meta property=\"og:image:width\" content=\"1920\" \/>\n\t<meta property=\"og:image:height\" content=\"1200\" \/>\n\t<meta property=\"og:image:type\" content=\"image\/jpeg\" \/>\n<meta name=\"twitter:card\" content=\"summary_large_image\" \/>\n<meta name=\"twitter:label1\" content=\"Szacowany czas czytania\" \/>\n\t<meta name=\"twitter:data1\" content=\"2 minuty\" \/>\n<script type=\"application\/ld+json\" class=\"yoast-schema-graph\">{\"@context\":\"https:\\\/\\\/schema.org\",\"@graph\":[{\"@type\":\"WebPage\",\"@id\":\"https:\\\/\\\/protea.pl\\\/branze\\\/renewable-energy\\\/renewable-energy-for-offshore-wind\\\/\",\"url\":\"https:\\\/\\\/protea.pl\\\/branze\\\/renewable-energy\\\/renewable-energy-for-offshore-wind\\\/\",\"name\":\"Energia Odnawialna na Morskie Farmy Wiatrowe - Protea\",\"isPartOf\":{\"@id\":\"https:\\\/\\\/protea.pl\\\/#website\"},\"primaryImageOfPage\":{\"@id\":\"https:\\\/\\\/protea.pl\\\/branze\\\/renewable-energy\\\/renewable-energy-for-offshore-wind\\\/#primaryimage\"},\"image\":{\"@id\":\"https:\\\/\\\/protea.pl\\\/branze\\\/renewable-energy\\\/renewable-energy-for-offshore-wind\\\/#primaryimage\"},\"thumbnailUrl\":\"https:\\\/\\\/protea.pl\\\/wp-content\\\/uploads\\\/2025\\\/07\\\/Ibedrola-2-retusz-scaled-e1765547851690.jpg\",\"datePublished\":\"2025-12-02T14:49:05+00:00\",\"dateModified\":\"2026-01-22T09:15:12+00:00\",\"breadcrumb\":{\"@id\":\"https:\\\/\\\/protea.pl\\\/branze\\\/renewable-energy\\\/renewable-energy-for-offshore-wind\\\/#breadcrumb\"},\"inLanguage\":\"pl-PL\",\"potentialAction\":[{\"@type\":\"ReadAction\",\"target\":[\"https:\\\/\\\/protea.pl\\\/branze\\\/renewable-energy\\\/renewable-energy-for-offshore-wind\\\/\"]}]},{\"@type\":\"ImageObject\",\"inLanguage\":\"pl-PL\",\"@id\":\"https:\\\/\\\/protea.pl\\\/branze\\\/renewable-energy\\\/renewable-energy-for-offshore-wind\\\/#primaryimage\",\"url\":\"https:\\\/\\\/protea.pl\\\/wp-content\\\/uploads\\\/2025\\\/07\\\/Ibedrola-2-retusz-scaled-e1765547851690.jpg\",\"contentUrl\":\"https:\\\/\\\/protea.pl\\\/wp-content\\\/uploads\\\/2025\\\/07\\\/Ibedrola-2-retusz-scaled-e1765547851690.jpg\"},{\"@type\":\"BreadcrumbList\",\"@id\":\"https:\\\/\\\/protea.pl\\\/branze\\\/renewable-energy\\\/renewable-energy-for-offshore-wind\\\/#breadcrumb\",\"itemListElement\":[{\"@type\":\"ListItem\",\"position\":1,\"name\":\"Home\",\"item\":\"https:\\\/\\\/protea.pl\\\/pl\\\/\"},{\"@type\":\"ListItem\",\"position\":2,\"name\":\"Energia Odnawialna\",\"item\":\"https:\\\/\\\/protea.pl\\\/pl\\\/branze\\\/renewable-energy\\\/\"},{\"@type\":\"ListItem\",\"position\":3,\"name\":\"Energia Odnawialna na Morskie Farmy Wiatrowe\"}]},{\"@type\":\"WebSite\",\"@id\":\"https:\\\/\\\/protea.pl\\\/#website\",\"url\":\"https:\\\/\\\/protea.pl\\\/\",\"name\":\"Protea\",\"description\":\"\",\"publisher\":{\"@id\":\"https:\\\/\\\/protea.pl\\\/#organization\"},\"potentialAction\":[{\"@type\":\"SearchAction\",\"target\":{\"@type\":\"EntryPoint\",\"urlTemplate\":\"https:\\\/\\\/protea.pl\\\/?s={search_term_string}\"},\"query-input\":{\"@type\":\"PropertyValueSpecification\",\"valueRequired\":true,\"valueName\":\"search_term_string\"}}],\"inLanguage\":\"pl-PL\"},{\"@type\":\"Organization\",\"@id\":\"https:\\\/\\\/protea.pl\\\/#organization\",\"name\":\"Protea\",\"url\":\"https:\\\/\\\/protea.pl\\\/\",\"logo\":{\"@type\":\"ImageObject\",\"inLanguage\":\"pl-PL\",\"@id\":\"https:\\\/\\\/protea.pl\\\/#\\\/schema\\\/logo\\\/image\\\/\",\"url\":\"https:\\\/\\\/protea.pl\\\/wp-content\\\/uploads\\\/2025\\\/07\\\/cropped-logo.png\",\"contentUrl\":\"https:\\\/\\\/protea.pl\\\/wp-content\\\/uploads\\\/2025\\\/07\\\/cropped-logo.png\",\"width\":569,\"height\":250,\"caption\":\"Protea\"},\"image\":{\"@id\":\"https:\\\/\\\/protea.pl\\\/#\\\/schema\\\/logo\\\/image\\\/\"}}]}<\/script>\n<!-- \/ Yoast SEO plugin. -->","yoast_head_json":{"title":"Energia Odnawialna na Morskie Farmy Wiatrowe - Protea","robots":{"index":"index","follow":"follow","max-snippet":"max-snippet:-1","max-image-preview":"max-image-preview:large","max-video-preview":"max-video-preview:-1"},"canonical":"https:\/\/protea.pl\/branze\/renewable-energy\/renewable-energy-for-offshore-wind\/","og_locale":"pl_PL","og_type":"article","og_title":"Energia Odnawialna na Morskie Farmy Wiatrowe - Protea","og_url":"https:\/\/protea.pl\/branze\/renewable-energy\/renewable-energy-for-offshore-wind\/","og_site_name":"Protea","article_modified_time":"2026-01-22T09:15:12+00:00","og_image":[{"width":1920,"height":1200,"url":"https:\/\/protea.pl\/wp-content\/uploads\/2025\/07\/Ibedrola-2-retusz-scaled-e1765547851690.jpg","type":"image\/jpeg"}],"twitter_card":"summary_large_image","twitter_misc":{"Szacowany czas czytania":"2 minuty"},"schema":{"@context":"https:\/\/schema.org","@graph":[{"@type":"WebPage","@id":"https:\/\/protea.pl\/branze\/renewable-energy\/renewable-energy-for-offshore-wind\/","url":"https:\/\/protea.pl\/branze\/renewable-energy\/renewable-energy-for-offshore-wind\/","name":"Energia Odnawialna na Morskie Farmy Wiatrowe - Protea","isPartOf":{"@id":"https:\/\/protea.pl\/#website"},"primaryImageOfPage":{"@id":"https:\/\/protea.pl\/branze\/renewable-energy\/renewable-energy-for-offshore-wind\/#primaryimage"},"image":{"@id":"https:\/\/protea.pl\/branze\/renewable-energy\/renewable-energy-for-offshore-wind\/#primaryimage"},"thumbnailUrl":"https:\/\/protea.pl\/wp-content\/uploads\/2025\/07\/Ibedrola-2-retusz-scaled-e1765547851690.jpg","datePublished":"2025-12-02T14:49:05+00:00","dateModified":"2026-01-22T09:15:12+00:00","breadcrumb":{"@id":"https:\/\/protea.pl\/branze\/renewable-energy\/renewable-energy-for-offshore-wind\/#breadcrumb"},"inLanguage":"pl-PL","potentialAction":[{"@type":"ReadAction","target":["https:\/\/protea.pl\/branze\/renewable-energy\/renewable-energy-for-offshore-wind\/"]}]},{"@type":"ImageObject","inLanguage":"pl-PL","@id":"https:\/\/protea.pl\/branze\/renewable-energy\/renewable-energy-for-offshore-wind\/#primaryimage","url":"https:\/\/protea.pl\/wp-content\/uploads\/2025\/07\/Ibedrola-2-retusz-scaled-e1765547851690.jpg","contentUrl":"https:\/\/protea.pl\/wp-content\/uploads\/2025\/07\/Ibedrola-2-retusz-scaled-e1765547851690.jpg"},{"@type":"BreadcrumbList","@id":"https:\/\/protea.pl\/branze\/renewable-energy\/renewable-energy-for-offshore-wind\/#breadcrumb","itemListElement":[{"@type":"ListItem","position":1,"name":"Home","item":"https:\/\/protea.pl\/pl\/"},{"@type":"ListItem","position":2,"name":"Energia Odnawialna","item":"https:\/\/protea.pl\/pl\/branze\/renewable-energy\/"},{"@type":"ListItem","position":3,"name":"Energia Odnawialna na Morskie Farmy Wiatrowe"}]},{"@type":"WebSite","@id":"https:\/\/protea.pl\/#website","url":"https:\/\/protea.pl\/","name":"Protea","description":"","publisher":{"@id":"https:\/\/protea.pl\/#organization"},"potentialAction":[{"@type":"SearchAction","target":{"@type":"EntryPoint","urlTemplate":"https:\/\/protea.pl\/?s={search_term_string}"},"query-input":{"@type":"PropertyValueSpecification","valueRequired":true,"valueName":"search_term_string"}}],"inLanguage":"pl-PL"},{"@type":"Organization","@id":"https:\/\/protea.pl\/#organization","name":"Protea","url":"https:\/\/protea.pl\/","logo":{"@type":"ImageObject","inLanguage":"pl-PL","@id":"https:\/\/protea.pl\/#\/schema\/logo\/image\/","url":"https:\/\/protea.pl\/wp-content\/uploads\/2025\/07\/cropped-logo.png","contentUrl":"https:\/\/protea.pl\/wp-content\/uploads\/2025\/07\/cropped-logo.png","width":569,"height":250,"caption":"Protea"},"image":{"@id":"https:\/\/protea.pl\/#\/schema\/logo\/image\/"}}]}},"acf":[],"post_thumbnail":null,"posts_block_image":null,"posts_block_mobile_image":null,"featured_image":null,"_links":{"self":[{"href":"https:\/\/protea.pl\/pl\/wp-json\/wp\/v2\/industries\/2968","targetHints":{"allow":["GET"]}}],"collection":[{"href":"https:\/\/protea.pl\/pl\/wp-json\/wp\/v2\/industries"}],"about":[{"href":"https:\/\/protea.pl\/pl\/wp-json\/wp\/v2\/types\/industries"}],"version-history":[{"count":5,"href":"https:\/\/protea.pl\/pl\/wp-json\/wp\/v2\/industries\/2968\/revisions"}],"predecessor-version":[{"id":3140,"href":"https:\/\/protea.pl\/pl\/wp-json\/wp\/v2\/industries\/2968\/revisions\/3140"}],"up":[{"embeddable":true,"href":"https:\/\/protea.pl\/pl\/wp-json\/wp\/v2\/industries\/2965"}],"wp:attachment":[{"href":"https:\/\/protea.pl\/pl\/wp-json\/wp\/v2\/media?parent=2968"}],"curies":[{"name":"wp","href":"https:\/\/api.w.org\/{rel}","templated":true}]}}